{"id":10464,"date":"2019-05-21T18:01:54","date_gmt":"2019-05-21T16:01:54","guid":{"rendered":"https:\/\/siv-sketches.net\/?page_id=10464"},"modified":"2025-02-11T16:17:18","modified_gmt":"2025-02-11T15:17:18","slug":"chapter-35-brandnertal-four-more-adventures","status":"publish","type":"page","link":"https:\/\/siv-sketches.net\/?page_id=10464","title":{"rendered":"Chapter 36 (Part 3) &#8212; Mannheimer H\u00fctte and Schesaplana"},"content":{"rendered":"<div class=\"pdfprnt-buttons pdfprnt-buttons-page pdfprnt-top-right\"><a href=\"https:\/\/siv-sketches.net\/index.php?rest_route=wpv2pages10464&print=print\" class=\"pdfprnt-button pdfprnt-button-print\" target=\"_blank\"><img decoding=\"async\" src=\"https:\/\/siv-sketches.net\/wp-content\/plugins\/pdf-print\/images\/print.png\" alt=\"image_print\" title=\"Print Content\" \/><\/a><\/div>\n<div class=\"pdfprnt-buttons pdfprnt-buttons-page pdfprnt-top-right\">\n<div id=\"attachment_23545\" style=\"width: 404px\" class=\"wp-caption aligncenter\"><a href=\"https:\/\/siv-sketches.net\/wp-content\/uploads\/2021\/02\/sj93_49b041b-aa-BB-600-1.jpg\"><img loading=\"lazy\" decoding=\"async\" aria-describedby=\"caption-attachment-23545\" class=\" wp-image-23545\" src=\"https:\/\/siv-sketches.net\/wp-content\/uploads\/2021\/02\/sj93_49b041b-aa-BB-600-1.jpg\" alt=\"\" width=\"394\" height=\"248\"><\/a><p id=\"caption-attachment-23545\" class=\"wp-caption-text\"><br>Siv on her way down from S\u00fcdschafgafall and view of L\u00fcnersee (1993). Gafalljoch left of center in the back.<\/p><\/div>\n<\/div>\n<p><strong>Mannheimer H\u00fctte<\/strong><\/p>\n<p>On a day in early August of 1985 we set out on what turned out to be the most adventurous of our undertakings during the twenty summers in Brand.This would be the most strenuous <em>Wanderung<\/em> we had ever made. Our hostess and dear friend, Gerti, lent me a pair of red knit gloves, but, as we were to find out, they were not much good for the way the weather turned out on the tricky <em>S\u00fcdwandsteig<\/em>.<\/p>\n<div id=\"attachment_23417\" style=\"width: 250px\" class=\"wp-caption alignright\"><a href=\"https:\/\/siv-sketches.net\/wp-content\/uploads\/2021\/02\/sj85_28a062-aB-6.jpg\"><img loading=\"lazy\" decoding=\"async\" aria-describedby=\"caption-attachment-23417\" class=\"wp-image-23417\" src=\"https:\/\/siv-sketches.net\/wp-content\/uploads\/2021\/02\/sj85_28a062-aB-6-300x187.jpg\" alt=\"\" width=\"240\" height=\"150\" srcset=\"https:\/\/siv-sketches.net\/wp-content\/uploads\/2021\/02\/sj85_28a062-aB-6-300x187.jpg 300w, https:\/\/siv-sketches.net\/wp-content\/uploads\/2021\/02\/sj85_28a062-aB-6-481x300.jpg 481w, https:\/\/siv-sketches.net\/wp-content\/uploads\/2021\/02\/sj85_28a062-aB-6.jpg 500w\" sizes=\"auto, (max-width: 240px) 100vw, 240px\" \/><\/a><p id=\"caption-attachment-23417\" class=\"wp-caption-text\">Silberwurz (mountain avens) and Alpenrosen (wild azalea) at the beginning of our ascent to Totalph\u00fctte.<\/p><\/div>\n<p>We set out from the flowery L\u00fcnersee and very soon we got to the kind of mountain hike where no flowers bloomed. If, however, we had turned left (south) to the Totalp after the Totalph\u00fctte we would have seen carpets of <em>Silberwurz<\/em> and other colorful flowers in masses. We will get back to that in the story about <em>Gemsl\u00fccke<\/em>.<\/p>\n<p>Mannheimerh\u00fctte is at the approximate altitude of 2700 m. and the distance from Douglash\u00fctte is a whole lot of kilometers.&nbsp; But of course we spent the night in this very comfortable <em>H\u00fctte<\/em>. Until this year we had just gone as far as to the Totalph\u00fctte, at 2385 m., and we had found that quite enough. But of course this was a two-day trek. Douglash\u00fctte is at 2000 m. so it was going to be an ascent of 700 m. in all. We took it all very well though. It is amazing how for each consecutive year your stamina seems to improve. But of course you also get more and more used to the mountains and increasingly <em>trittsicher<\/em>. (sure of foot)<\/p>\n<p>After Totalph\u00fctte, where we rested a bit, we pretty soon got to the <em>S\u00fcdwandsteig<\/em>, which is known to be quite hairy. There were cables though all the way and it was actually more fun than it was scary.&nbsp; But it was definitely more for <em>Ge\u00fcbte <\/em>(trained hikers) than for instance <em>Saulajochsteig<\/em>. However, the newness of this definitely one-level-up-in-difficulty <em>Steig<\/em> was exciting and it certainly made the adrenaline flow<\/p>\n<div id=\"attachment_23473\" style=\"width: 250px\" class=\"wp-caption alignleft\"><a href=\"https:\/\/siv-sketches.net\/wp-content\/uploads\/2021\/02\/sj85_28b019-a-500.jpg\"><img loading=\"lazy\" decoding=\"async\" aria-describedby=\"caption-attachment-23473\" class=\"wp-image-23473\" src=\"https:\/\/siv-sketches.net\/wp-content\/uploads\/2021\/02\/sj85_28b019-a-500-300x195.jpg\" alt=\"\" width=\"240\" height=\"156\" srcset=\"https:\/\/siv-sketches.net\/wp-content\/uploads\/2021\/02\/sj85_28b019-a-500-300x195.jpg 300w, https:\/\/siv-sketches.net\/wp-content\/uploads\/2021\/02\/sj85_28b019-a-500-462x300.jpg 462w, https:\/\/siv-sketches.net\/wp-content\/uploads\/2021\/02\/sj85_28b019-a-500.jpg 500w\" sizes=\"auto, (max-width: 240px) 100vw, 240px\" \/><\/a><p id=\"caption-attachment-23473\" class=\"wp-caption-text\">Brandnergletscher \u2014 black clouds are gathering in the southwest<\/p><\/div>\n<p>We got to the end of this <em>Steig<\/em> (calling it a path would be a wild exaggeration) and turned right onto the <em>Brandnergletscher<\/em>. Now came more fun. The dark grey clouds had been gathering in overwhelming masses in the southwest, and pretty soon it began to snow. I will never forget the look of those clouds, and we had already seen them quite clearly on the <em>S\u00fcdwandsteig<\/em>. We knew what was to come.&nbsp; It was not really a problem though. We had snow-protection gadgets around the top of our sturdy mountain boots and we felt we were all set for this kind of summer weather.&nbsp; On the way out the snow was not so deep, and we were not yet inside the clouds. We could see clearly ahead of us and follow the poles stuck into the glacier to show the \u2018path\u2019. So we walked on in good cheer, and we felt like crying Hurrah when, after passing by the looming bulk of <em>Schesaplana<\/em> on our right, we saw <em>Mannheimerh\u00fctte<\/em> on the horizon.<\/p>\n<p>We were most likely quite tired though on our arrival at the H\u00fctte, but not so much that I still remember it. We had gone 7.5 km in distance and 700 m in change of altitude, plus the ups and downs, from Douglash\u00fctte.<\/p>\nngg_shortcode_0_placeholder\n<p>After resting a bit on our beds we went down to the <em>Stube<\/em>, still feeling chilled into our marrow. Of course the tiredness played a part in our chills too. We ordered J<em>\u00e4gertee<\/em>, tea with rum, one cup after the other, to warm us up \u2014 but nothing seemed to help our shivers. John wrote in our <em>Tagebuch<\/em> that we also had some Obstler, and I don\u2019t doubt it.<\/p>\n<p>We played casino in the <em>Stube<\/em> with an incomplete deck of cards since all the complete ones were taken. Maybe people brought their own decks of cards. John remembers (or our trip-book does) that we got to know a Dutch couple and one other couple. Not surprising when you are sharing an adventure like this. And all the time it was snowing big white flakes outside the windows.<\/p>\n<p>The Stube was pretty crowded, but most of those people had probably come up via <em>Leibersteig,<\/em>&nbsp;a narrow ridge on the face of the mountain, which makes for over 1600 meters climb from <em>Brandnertal<\/em> to <em>Mannheimerh\u00fctte. <\/em>But maybe you can spend the night at <em>Oberzalimh\u00fctte<\/em>. From a picture online it looks as if there are rooms for hikers to spend the night there. I still remember our first year in Brand when we got to <em>Oberzalimh\u00fctte<\/em>, I was awed and incredulous when I saw some mountaineers put their big packs on their backs and set out, clearly going further up, and we had no idea at the time where they were going. We soon learned that you go from Oberzalimh\u00fctte to <em>Leibersteig<\/em>. We know that our friends Fritz abd Renate went to <em>Mannheimerh\u00fctte<\/em> via <em>Leibersteig<\/em>. But they are a bit of \u00dcbermenschen, in my opinion.?<em><br><\/em><\/p>\n<p>Outside it was snowing very hard now. All night it continued snowing, which we could tell from the amount of snow on the glacier the following morning. And also the snow now went all the way up to the door of the hut, and probably up over the door, even though somone had been out there shoveling the snow away..<\/p>\n<p>On leaving the <em>H\u00fctte<\/em> after breakfast, we first had to work through all the <em>Bergschuhe<\/em> that were piled up close to the entrance door. We had walked around in woolen socks in the evening, like everybody else.<\/p>\nngg_shortcode_1_placeholder\n<p>It had stopped snowing, but the clouds were all around us. On our way across the glacier we could just barely make out the next pole in front of us from the one we were close to.<\/p>\n<p>On arriving at the <em>S\u00fcdwandsteig<\/em>, we realized that we were not at all the only hikers on this \u2018path\u2019. One fellow had a backpack that reminded me of <em>Weitwanderer<\/em> in Lapland, the people who walked into <em>Sarek<\/em>, spending the light summer nights in sleeping bags in tents \u2014 not walking around it, the way we, Mother, Gun and I did in 1950. Some of the people who had arrived the day before via Leibersteig, were clearly now continuing their trekking via <em>S\u00fcdwandsteig<\/em>.<\/p>\n<p>We had actually been considering climbing <em>Pan\u00fclerkopf<\/em> on this trip, a mountain that is on the right (west) as you leave&nbsp;<em>Mannheimerh\u00fctte<\/em>. I don\u2019t think, however, we would have done it even without this unexpected snowstorm. What we did was wonderful, and it was enough.<\/p>\n<p>Now, the cable on <em>S\u00fcdwandsteig<\/em> was a bit of a problem. It was covered in ice, and the knit gloves Gerti had lent me were too slippery for this situation. I had to take them off and grab the icy cable with my bare hands. It felt cold, but I didn\u2019t get stuck to it. It was all right. The same for everyone else, unless they had some slip-free gloves. Leather would most likely have been a lot better.<\/p>\n<div id=\"attachment_23529\" style=\"width: 251px\" class=\"wp-caption alignleft\"><a href=\"https:\/\/siv-sketches.net\/wp-content\/uploads\/2021\/02\/sj85_28b055-a-B-550.jpg\"><img loading=\"lazy\" decoding=\"async\" aria-describedby=\"caption-attachment-23529\" class=\"wp-image-23529\" src=\"https:\/\/siv-sketches.net\/wp-content\/uploads\/2021\/02\/sj85_28b055-a-B-550-300x196.jpg\" alt=\"\" width=\"241\" height=\"157\" srcset=\"https:\/\/siv-sketches.net\/wp-content\/uploads\/2021\/02\/sj85_28b055-a-B-550-300x196.jpg 300w, https:\/\/siv-sketches.net\/wp-content\/uploads\/2021\/02\/sj85_28b055-a-B-550-460x300.jpg 460w, https:\/\/siv-sketches.net\/wp-content\/uploads\/2021\/02\/sj85_28b055-a-B-550.jpg 550w\" sizes=\"auto, (max-width: 241px) 100vw, 241px\" \/><\/a><p id=\"caption-attachment-23529\" class=\"wp-caption-text\">Zottige Gemswurz, (Doronicum cursii), which we saw in many places above about 2000 m.<\/p><\/div>\n<p>The <em>S\u00fcdwandsteig<\/em> was quite a bit trickier in this icy weather , but we held on firmly to the cables and it was just another fun adventure.<\/p>\n<p>As we got back close to <em>L\u00fcnersee<\/em> we saw&nbsp; the prettiest <em>Zottige Gemswurz<\/em>, (Doronicum cursii, Austrian leopard\u2019s bane) that we ever saw. I happen to remember that in the southeast corner of <em>L\u00fcnersee<\/em> where we once rested after a long walk, we saw the most gorgeous mass of&nbsp;<em>Zottige Gemswurz<\/em>. They always made us think of Arnika, but this medicinal flower is quite rare and it always seems to look as if a petal or two are ready to fall off.<\/p>\n<p>After this adventure we began to consider ourselves as seasoned <em>Bergwanderer<\/em>.. It was our sixth summer in Brand and <em>Haus Kella-Egg<\/em> and we had learned a lot of flower names, from various kinds of gentians to Alpenrosen and Silberwurz. Just a walk around <em>L\u00fcnersee<\/em> offers you an amazing number of different gorgeous flowers, from a wide variety of bluebells to Alpenrosen and different kinds of violets.<\/p>\n<p><strong>Schesaplana<\/strong><\/p>\n<p>The following year, in 1986 we felt ready to take on the mighty Schesaplana, approximately 3000 m. and so a change of altitude of 1000 m.from L\u00fcnersee. It was exactly September 11 (odd coincidence) and we had been very busy that year with the move from Paris and with our visit to Sachseln and Zermatt, invited by John\u2019s super-generous parents.<\/p>\n<p>We started out early and took the first <em>Bahn<\/em> up to <em>L\u00fcnersee<\/em>. When we got to Totalph\u00fctte there was not a soul at the tables outside. The beginning was like a little piece of <em>S\u00fcdwandsteig<\/em>, but we soon turned right and went on up and up. At the outset we did not have the impression that Schesaplana was going to be covered in clouds, but as we kept climbing it got cloudier and cloudier. It did not matter too much though. It was the climb itself that was fun.<\/p>\n<p>We were wearing our Gortex jackets that we had bought the previous year \u2014 after the Mannheimer walk \u2014 and the funny thing was a man who came down as we were going up. He stopped by me and said \u201cThat\u2019s Gortex, right?\u201d I said \u201cRight\u201d, and I chuckled to myself. I was doing my best to put my feet on the right stones, crossing over a small stream, back and forth, as I remember, and here comes a man and asks if my jacket is made of Gortex. Well, the climb was a lot of fun and I was not a bit tense the way I was on <em>Saulakopf<\/em> in 1981<\/p>\n<div id=\"attachment_23346\" style=\"width: 250px\" class=\"wp-caption alignleft\"><a href=\"https:\/\/siv-sketches.net\/wp-content\/uploads\/2021\/02\/sj86_32a011-a-B-550.jpg\"><img loading=\"lazy\" decoding=\"async\" aria-describedby=\"caption-attachment-23346\" class=\"wp-image-23346\" src=\"https:\/\/siv-sketches.net\/wp-content\/uploads\/2021\/02\/sj86_32a011-a-B-550-300x191.jpg\" alt=\"\" width=\"240\" height=\"153\" srcset=\"https:\/\/siv-sketches.net\/wp-content\/uploads\/2021\/02\/sj86_32a011-a-B-550-300x191.jpg 300w, https:\/\/siv-sketches.net\/wp-content\/uploads\/2021\/02\/sj86_32a011-a-B-550-470x300.jpg 470w, https:\/\/siv-sketches.net\/wp-content\/uploads\/2021\/02\/sj86_32a011-a-B-550.jpg 550w\" sizes=\"auto, (max-width: 240px) 100vw, 240px\" \/><\/a><p id=\"caption-attachment-23346\" class=\"wp-caption-text\">Feldkleinenz,ian among the prettiest flowers I know.<\/p><\/div>\n<p>We gave each other the <em>Gipfelkuss<\/em> when we got to the cross at the top (<em>Gipfelkreutz<\/em>), at 2965 m., which is a fun tradition that should be kept alive, and we ate our sandwiches. Well, we also admired the clouds since that was all there was to see. But we had seen so many gorgeous views from mountain tops that we were not really too sad about that. Possibly the best views we had seen were from <em>S\u00fcdschafgafall<\/em> and <em>Saulakopf<\/em>, until we got to know <em>Gemsl\u00fccke<\/em> and <em>Geisspitze<\/em>.<a class=\"fbx-link\" href=\"https:\/\/siv-sketches.net\/wp-content\/uploads\/2021\/02\/sj86_32a011-a-B-550.jpg\">.<\/a><\/p>\n<p>On our way back down, just as we got back onto the path that goes around L\u00fcnersee we saw these incredibly wonderful purple gentians (below). The real name is Feld-Kleinenzian.<\/p>\n<div id=\"attachment_23353\" style=\"width: 251px\" class=\"wp-caption alignright\"><a href=\"https:\/\/siv-sketches.net\/wp-content\/uploads\/2021\/02\/sj95_54b057-aa-cr-B-550.jpg\"><img loading=\"lazy\" decoding=\"async\" aria-describedby=\"caption-attachment-23353\" class=\"wp-image-23353\" src=\"https:\/\/siv-sketches.net\/wp-content\/uploads\/2021\/02\/sj95_54b057-aa-cr-B-550-300x209.jpg\" alt=\"\" width=\"241\" height=\"168\" srcset=\"https:\/\/siv-sketches.net\/wp-content\/uploads\/2021\/02\/sj95_54b057-aa-cr-B-550-300x209.jpg 300w, https:\/\/siv-sketches.net\/wp-content\/uploads\/2021\/02\/sj95_54b057-aa-cr-B-550-430x300.jpg 430w, https:\/\/siv-sketches.net\/wp-content\/uploads\/2021\/02\/sj95_54b057-aa-cr-B-550.jpg 550w\" sizes=\"auto, (max-width: 241px) 100vw, 241px\" \/><\/a><p id=\"caption-attachment-23353\" class=\"wp-caption-text\">Alpen Troddelblume, or Soldanella, seen below L\u00fcnerkrinne in 1995<\/p><\/div>\n<p>I always swoon&nbsp;when I see those, for instance at the beginning of Saulajoch. They and the <em>Alpen Troddelblume<\/em> or <em>Soldanella (below)<\/em> are my absolute favorites of all the wonderful flowers we have seen up high in the Alps. Down in the shady forests the deep purple <em>Akelei<\/em>&nbsp; (columbine) is high up on my list of favorite flowers<\/p>\n<p>There are of course some flowers at the lower end of the path to Totalph\u00fctte from. L\u00fcnersee, but once you get past the hut and turn left onto the Totalp, the stony ground is covered with a different kind of flora, mostly very small flowers. Apart from the various kinds of beautiful moss there are millions of Silberwurz (fj\u00e4llsippa), Zottige Gemswurz (called \u2018yellows\u2019 by us), Alpenrosen, Kleinenzian (the small kind of blue gentians), the deep red moss-like Mannschild growing in carpets among the rocks, tiny bluebells always next to rocks it seems, and the list goes on.<\/p>\nngg_shortcode_2_placeholder\n<p>A few days later we drove straight from Brand to Giessen, north of Frankfurt, for Fritz\u2019s and Rebate\u2019s big <em>Fest<\/em>. I had brought a new dress and high-heeled shoes to Brand, so I was&nbsp; prepared for all the dancing.<\/p>\n<p>In the meantime we had been very busy making our new house in Genas habitable, with closets, cabinets and the like. I don\u2019t think they build unfinished houses like that any more, not even in France, but this was in 1986. In the kitchen there was nothing but a sink,which we exchanged for a resin double sink right away.<\/p>\n<p style=\"text-align: center;\">______________<\/p>\n<p>In the following years, in the nineties,&nbsp; we extended our walks with our newfound \u2018mountain legs\u2019 to Gemsl\u00fccke and Gei\u00dfspitze, two quite long hikes which I will write about in the next part of this chapter.<\/p>\n<p><strong>Continued : <a href=\"https:\/\/siv-sketches.net\/?page_id=10734\">Chapter 36 (Part 4) \u2013 Gemsl\u00fccke and Geisspitze<\/a><\/strong><\/p>\n","protected":false},"excerpt":{"rendered":"<p>Mannheimer H\u00fctte On a day in early August of 1985 we set out on what turned out to be the most adventurous of our undertakings during the twenty summers in Brand.This would be the most strenuous Wanderung we had ever &hellip; <a href=\"https:\/\/siv-sketches.net\/?page_id=10464\">Continue reading <span class=\"meta-nav\">&rarr;<\/span><\/a><\/p>\n","protected":false},"author":1,"featured_media":0,"parent":10883,"menu_order":2,"comment_status":"closed","ping_status":"closed","template":"","meta":{"ngg_post_thumbnail":0,"footnotes":""},"class_list":["post-10464","page","type-page","status-publish","hentry"],"_links":{"self":[{"href":"https:\/\/siv-sketches.net\/index.php?rest_route=\/wp\/v2\/pages\/10464","targetHints":{"allow":["GET"]}}],"collection":[{"href":"https:\/\/siv-sketches.net\/index.php?rest_route=\/wp\/v2\/pages"}],"about":[{"href":"https:\/\/siv-sketches.net\/index.php?rest_route=\/wp\/v2\/types\/page"}],"author":[{"embeddable":true,"href":"https:\/\/siv-sketches.net\/index.php?rest_route=\/wp\/v2\/users\/1"}],"replies":[{"embeddable":true,"href":"https:\/\/siv-sketches.net\/index.php?rest_route=%2Fwp%2Fv2%2Fcomments&post=10464"}],"version-history":[{"count":5,"href":"https:\/\/siv-sketches.net\/index.php?rest_route=\/wp\/v2\/pages\/10464\/revisions"}],"predecessor-version":[{"id":32547,"href":"https:\/\/siv-sketches.net\/index.php?rest_route=\/wp\/v2\/pages\/10464\/revisions\/32547"}],"up":[{"embeddable":true,"href":"https:\/\/siv-sketches.net\/index.php?rest_route=\/wp\/v2\/pages\/10883"}],"wp:attachment":[{"href":"https:\/\/siv-sketches.net\/index.php?rest_route=%2Fwp%2Fv2%2Fmedia&parent=10464"}],"curies":[{"name":"wp","href":"https:\/\/api.w.org\/{rel}","templated":true}]}}